{"id":136,"date":"2024-09-15T10:54:38","date_gmt":"2024-09-15T08:54:38","guid":{"rendered":"http:\/\/www.karmelitanki-misjonarki.pl\/?page_id=136"},"modified":"2024-11-02T11:42:49","modified_gmt":"2024-11-02T10:42:49","slug":"karmel-misyjny-swiecki","status":"publish","type":"page","link":"http:\/\/www.karmelitanki-misjonarki.pl\/index.php\/karmel-misyjny-swiecki\/","title":{"rendered":"Karmel Misyjny \u015awiecki"},"content":{"rendered":"\n<p>to stowarzyszenie os\u00f3b \u015bwieckich; wsp\u00f3lnota pragn\u0105ca pog\u0142\u0119bia\u0107 swoj\u0105 formacj\u0119 zanurzon\u0105 w duchowo\u015bci Karmelu. To stowarzyszenie dla os\u00f3b, kt\u00f3re \u017cyj\u0105c swoim codziennym \u017cyciem, chc\u0105 \u015bwiadomie prze\u017cywa\u0107 swoje chrze\u015bcija\u0144stwo, na\u015bladowa\u0107 Chrystusa i dawa\u0107 temu \u015bwiadectwo.<\/p>\n\n\n\n<p>Jako \u015bwieccy jeste\u015bmy i czujemy si\u0119 zaproszeni i powo\u0142ani do \u015bwiadomego uczestnictwa w Ko\u015bciele, troski o jego potrzeby i podejmowania na jego rzecz misji. Misja w stowarzyszeniu jest rozumiana bardzo szeroko: zawsze rozpoczynamy od naszej misji w rodzinach, spo\u0142eczno\u015bciach, miejscach pracy, tam, gdzie \u017cyjemy.<\/p>\n\n\n\n<p class=\"has-text-align-left\">Staramy si\u0119 r\u00f3wnie\u017c wspiera\u0107 misje Ad Gentes modlitw\u0105 i finansowo, poprzez projekty realizowane w r\u00f3\u017cnych cz\u0119\u015bciach \u015bwiata, g\u0142\u00f3wnie we wsp\u00f3\u0142pracy z Karmelitankami Misjonarkami, w ramach funduszy solidarno\u015bciowych Prokarde i Foscarmis. Wsp\u00f3lnota to r\u00f3wnie\u017c miejsce przyja\u017ani, dzielenia si\u0119 do\u015bwiadczeniami \u017cyciowymi, wsp\u00f3lnego czytania tekst\u00f3w, inspirowania si\u0119 nawzajem.<\/p>\n\n\n\n<p>Spotykamy si\u0119 co 2-3 tygodnie w domu Si\u00f3str Karmelitanek Misjonarek w Krakowie. W spotkaniach uczestnicz\u0105 osoby sympatyzuj\u0105ce, pragn\u0105ce pozna\u0107 wsp\u00f3lnot\u0119 i charyzmat. Jeste\u015bmy w \u0142\u0105czno\u015bci z grupami w Europie i \u015bwiecie, poniewa\u017c stowarzyszenie jest mi\u0119dzynarodowe (Hiszpania, Portugalia, W\u0142ochy, Polska, a tak\u017ce wiele kraj\u00f3w w Azji, Ameryce Po\u0142udniowej, Afryce). Spotkania mi\u0119dzynarodowe daj\u0105 nam mo\u017cliwo\u015b\u0107 poznania reali\u00f3w Ko\u015bcio\u0142a w innych krajach i nawi\u0105zania rzeczywistej ponadkulturowej wsp\u00f3lnoty duchowej.<\/p>\n\n\n\n<p>Cz\u0142onkowie wsp\u00f3lnoty maj\u0105 mo\u017cliwo\u015b\u0107 z\u0142o\u017cenia przyrzecze\u0144 do \u017cycia duchem palautia\u0144skim (od nazwiska Franciszka Palau), kt\u00f3re odnawia si\u0119 co roku. Obecnie w grupie krakowskiej jest 10 os\u00f3b, kt\u00f3re z\u0142o\u017cy\u0142y przyrzeczenia. <\/p>\n\n\n\n<p>Je\u015bli szukasz grupy, w kt\u00f3rej mo\u017cna pog\u0142\u0119bi\u0107 formacj\u0119, modli\u0107 si\u0119, kocha\u0107 Ko\u015bci\u00f3\u0142, realizowa\u0107 mniejsze lub wi\u0119ksze dzie\u0142a misyjne, przyja\u017ani\u0107 si\u0119 \u2013 zapraszamy do kontaktu.<\/p>\n\n\n\n<p>Krystyna Rak \u2013 koordynatorka grupy, tel. 669 235 96<br>e-mail: cms.cracovia@gmail.com<\/p>\n\n\n\n<figure class=\"wp-block-image size-full\"><img fetchpriority=\"high\" decoding=\"async\" width=\"2245\" height=\"1587\" src=\"http:\/\/www.karmelitanki-misjonarki.pl\/wp-content\/uploads\/2024\/11\/CMS-min.png\" alt=\"\" class=\"wp-image-230\"\/><\/figure>\n","protected":false},"excerpt":{"rendered":"<p>to stowarzyszenie os\u00f3b \u015bwieckich; wsp\u00f3lnota pragn\u0105ca pog\u0142\u0119bia\u0107 swoj\u0105 formacj\u0119 zanurzon\u0105 w duchowo\u015bci Karmelu. To stowarzyszenie dla os\u00f3b, kt\u00f3re \u017cyj\u0105c swoim<\/p>\n","protected":false},"author":1,"featured_media":0,"parent":0,"menu_order":0,"comment_status":"closed","ping_status":"closed","template":"","meta":{"footnotes":""},"class_list":["post-136","page","type-page","status-publish","hentry","comments-off"],"_links":{"self":[{"href":"http:\/\/www.karmelitanki-misjonarki.pl\/index.php\/wp-json\/wp\/v2\/pages\/136","targetHints":{"allow":["GET"]}}],"collection":[{"href":"http:\/\/www.karmelitanki-misjonarki.pl\/index.php\/wp-json\/wp\/v2\/pages"}],"about":[{"href":"http:\/\/www.karmelitanki-misjonarki.pl\/index.php\/wp-json\/wp\/v2\/types\/page"}],"author":[{"embeddable":true,"href":"http:\/\/www.karmelitanki-misjonarki.pl\/index.php\/wp-json\/wp\/v2\/users\/1"}],"replies":[{"embeddable":true,"href":"http:\/\/www.karmelitanki-misjonarki.pl\/index.php\/wp-json\/wp\/v2\/comments?post=136"}],"version-history":[{"count":5,"href":"http:\/\/www.karmelitanki-misjonarki.pl\/index.php\/wp-json\/wp\/v2\/pages\/136\/revisions"}],"predecessor-version":[{"id":231,"href":"http:\/\/www.karmelitanki-misjonarki.pl\/index.php\/wp-json\/wp\/v2\/pages\/136\/revisions\/231"}],"wp:attachment":[{"href":"http:\/\/www.karmelitanki-misjonarki.pl\/index.php\/wp-json\/wp\/v2\/media?parent=136"}],"curies":[{"name":"wp","href":"https:\/\/api.w.org\/{rel}","templated":true}]}}